{"id":5372,"date":"2022-05-30T00:27:42","date_gmt":"2022-05-30T06:27:42","guid":{"rendered":"https:\/\/dev.tecdemexico.edu.mx\/?page_id=5372"},"modified":"2022-07-01T20:07:52","modified_gmt":"2022-07-02T02:07:52","slug":"pedagogia","status":"publish","type":"page","link":"https:\/\/tecdemexico.edu.mx\/?page_id=5372","title":{"rendered":"PEDAGOG\u00cdA"},"content":{"rendered":"<p>[vc_row type=\u00bbvc_default\u00bb][vc_column css=\u00bb.vc_custom_1498229431694{padding-bottom: 50px !important;}\u00bb]<div id=\"ultimate-heading-771069f0cb64a35bd\" class=\"uvc-heading ult-adjust-bottom-margin ultimate-heading-771069f0cb64a35bd uvc-4389 \" data-hspacer=\"no_spacer\"  data-halign=\"left\" style=\"text-align:left\"><div class=\"uvc-heading-spacer no_spacer\" style=\"top\"><\/div><div class=\"uvc-main-heading ult-responsive\"  data-ultimate-target='.uvc-heading.ultimate-heading-771069f0cb64a35bd h2'  data-responsive-json-new='{\"font-size\":\"desktop:26px;\",\"line-height\":\"desktop:32px;\"}' ><h2 style=\"font-weight:bold;margin-bottom:20px;\">BENEFICIOS DE LA LICENCIATURA EN PEDAGOG\u00cdA<\/h2><\/div><\/div>[vc_column_text]<\/p>\n<h2><span style=\"color: #ffb536;\"><strong>A-RVOE-20080909<\/strong><\/span><\/h2>\n<p>El colegio tecnol\u00f3gico de M\u00e9xico se ha propuesto la misi\u00f3n de formar profesionistas con conocimientos que le permitan abordar los procesos y fen\u00f3menos educativos para comprender la problem\u00e1tica educativa como una totalidad compleja, reconociendo la importancia de la individualidad de los acores que intervienen en los procesos educativos, de manera que contribuyan a la reflexi\u00f3n cient\u00edfica y a la implementaci\u00f3n de acciones pertinentes y creativas con relaci\u00f3n a los problemas inherentes al \u00e1mbito de la educaci\u00f3n.[\/vc_column_text]<div id=\"ultimate-heading-503469f0cb64a3616\" class=\"uvc-heading ult-adjust-bottom-margin ultimate-heading-503469f0cb64a3616 uvc-512 \" data-hspacer=\"no_spacer\"  data-halign=\"left\" style=\"text-align:left\"><div class=\"uvc-heading-spacer no_spacer\" style=\"top\"><\/div><div class=\"uvc-main-heading ult-responsive\"  data-ultimate-target='.uvc-heading.ultimate-heading-503469f0cb64a3616 h2'  data-responsive-json-new='{\"font-size\":\"desktop:26px;\",\"line-height\":\"desktop:32px;\"}' ><h2 style=\"font-weight:bold;margin-bottom:20px;\">NUESTRA OFERTA<\/h2><\/div><\/div><div class=\"smile_icon_list_wrap ult_info_list_container ult-adjust-bottom-margin   vc_custom_1498230419199\"><ul class=\"smile_icon_list left hexagon\"><li class=\"icon_list_item\" style=\" font-size:60px;\"><div class=\"icon_list_icon\" data-animation=\"\" data-animation-delay=\"03\" style=\"font-size:20px;background:#ffb536;color:#ffffff;border-color:#ffb536;\"><i class=\"fas fa-book-reader\" ><\/i><\/div><div class=\"icon_description\" id=\"Info-list-wrap-1974\" style=\"font-size:20px;\"><h3 class=\"ult-responsive info-list-heading\"  data-ultimate-target='#Info-list-wrap-1974 h3'  data-responsive-json-new='{\"font-size\":\"desktop:16px;\",\"line-height\":\"desktop:22px;\"}'  style=\"font-family:&#039;Open Sans Condensed&#039;;font-weight:700;\">1. Aprender\u00e1s:<\/h3><div class=\"icon_description_text ult-responsive\"  data-ultimate-target='#Info-list-wrap-1974 .icon_description_text'  data-responsive-json-new='{\"font-size\":\"desktop:12px;\",\"line-height\":\"desktop:20px;\"}'  style=\"\"><p class=\"p1\">Desarrollar investigaci\u00f3n cient\u00edfica y participar en investigaciones del \u00e1rea educativa; Participar en la planeaci\u00f3n, programaci\u00f3n y control de actividades de formaci\u00f3n educativa; Dise\u00f1ar y aplicar programas de orientaci\u00f3n a padres de familia; Asesorar e intervenir directamente en la elaboraci\u00f3n de materiales y recursos did\u00e1cticos; Dise\u00f1ar y aplicar planes de capacitaci\u00f3n a personal directivo, administrativo, y de apoyo que labore en centros educativos en el sector p\u00fablico y privado; Dise\u00f1ar y aplicar planes de capacitaci\u00f3n a docentes que laboren en nivel medio superior y superior; Dise\u00f1ar y aplicar estrategias para la evaluaci\u00f3n de acciones programas educativos.; Participar en equipos interdisciplinarios en el dise\u00f1o de actividades de desarrollo educativo para la comunidad; Implementar programas que estimulen el crecimiento y desarrollo del educando, dentro del \u00e1mbito educacional, asistencial, social y especial.<\/p>\n<\/div><\/div><div class=\"icon_list_connector\"  style=\"border-right-width: 1px;border-right-style: dashed;border-color: #ffb536;\"><\/div><\/li><li class=\"icon_list_item\" style=\" font-size:60px;\"><div class=\"icon_list_icon\" data-animation=\"\" data-animation-delay=\"03\" style=\"font-size:20px;background:#ffb536;color:#ffffff;border-color:#ffb536;\"><i class=\"fas fa-user-check\" ><\/i><\/div><div class=\"icon_description\" id=\"Info-list-wrap-5609\" style=\"font-size:20px;\"><h3 class=\"ult-responsive info-list-heading\"  data-ultimate-target='#Info-list-wrap-5609 h3'  data-responsive-json-new='{\"font-size\":\"desktop:16px;\",\"line-height\":\"desktop:22px;\"}'  style=\"font-family:&#039;Open Sans Condensed&#039;;font-weight:700;\">2. Actitudes:<\/h3><div class=\"icon_description_text ult-responsive\"  data-ultimate-target='#Info-list-wrap-5609 .icon_description_text'  data-responsive-json-new='{\"font-size\":\"desktop:12px;\",\"line-height\":\"desktop:20px;\"}'  style=\"\"><ul>\n<li>\n<p class=\"p1\">De respeto y compromiso en el aspecto social, profesionista y persona.<\/p>\n<\/li>\n<li>\n<p class=\"p1\">Servicio.<\/p>\n<\/li>\n<li>\n<p class=\"p1\">De aprendizaje permanente.<\/p>\n<\/li>\n<li>\n<p class=\"p1\">De Responsabilidad.<\/p>\n<\/li>\n<li>\n<p class=\"p1\">De an\u00e1lisis y reflexi\u00f3n.<\/p>\n<\/li>\n<li>\n<p class=\"p1\">Propositivas en su desempe\u00f1o.<\/p>\n<\/li>\n<\/ul>\n<\/div><\/div><div class=\"icon_list_connector\"  style=\"border-right-width: 1px;border-right-style: dashed;border-color: #ffb536;\"><\/div><\/li><\/ul><\/div>[vc_empty_space]<div id=\"ultimate-heading-928169f0cb64a3867\" class=\"uvc-heading ult-adjust-bottom-margin ultimate-heading-928169f0cb64a3867 uvc-5915 \" data-hspacer=\"no_spacer\"  data-halign=\"left\" style=\"text-align:left\"><div class=\"uvc-heading-spacer no_spacer\" style=\"top\"><\/div><div class=\"uvc-main-heading ult-responsive\"  data-ultimate-target='.uvc-heading.ultimate-heading-928169f0cb64a3867 h2'  data-responsive-json-new='{\"font-size\":\"desktop:26px;\",\"line-height\":\"desktop:32px;\"}' ><h2 style=\"font-weight:bold;margin-bottom:20px;\">PERFIL DE EGRESADO<\/h2><\/div><\/div><div class=\"smile_icon_list_wrap ult_info_list_container ult-adjust-bottom-margin   vc_custom_1498230419199\"><ul class=\"smile_icon_list left hexagon\"><li class=\"icon_list_item\" style=\" font-size:60px;\"><div class=\"icon_list_icon\" data-animation=\"\" data-animation-delay=\"03\" style=\"font-size:20px;background:#ffb536;color:#ffffff;border-color:#ffb536;\"><i class=\"fas fa-lightbulb\" ><\/i><\/div><div class=\"icon_description\" id=\"Info-list-wrap-7356\" style=\"font-size:20px;\"><h3 class=\"ult-responsive info-list-heading\"  data-ultimate-target='#Info-list-wrap-7356 h3'  data-responsive-json-new='{\"font-size\":\"desktop:16px;\",\"line-height\":\"desktop:22px;\"}'  style=\"font-family:&#039;Open Sans Condensed&#039;;font-weight:700;\">1. Contar\u00e1 con conocimientos que le permitan:<\/h3><div class=\"icon_description_text ult-responsive\"  data-ultimate-target='#Info-list-wrap-7356 .icon_description_text'  data-responsive-json-new='{\"font-size\":\"desktop:12px;\",\"line-height\":\"desktop:20px;\"}'  style=\"\"><ul>\n<li>Analizar las diferentes tendencias educativas de cuerdo a la cultura de nuestro pa\u00eds.<\/li>\n<li>Aplicar las t\u00e9cnicas did\u00e1cticas a los diferentes problemas educativos y proponer alternativas de soluci\u00f3n.<\/li>\n<li>Combinar el conocimiento de las diversas disciplinas con las que fue formado para solucionar problemas del \u00e1rea educativa.<\/li>\n<li>Comprender al ser humano desde el puno de vista biopsicosocial, filos\u00f3fico e hist\u00f3rico.<\/li>\n<li>Ubicar los sistemas sociales, educativos y culturales a nivel nacional e internacional.<\/li>\n<li>Identificar problemas educativos, as\u00ed como dise\u00f1ar, seleccionar, elaborar, aplicar y evaluar, proyectos y herramientas t\u00e9cnico-metodol\u00f3gicas.<\/li>\n<li>El dominio te\u00f3rico-metodol\u00f3gico de los procesos de ense\u00f1anza aprendizaje. Metodol\u00f3gicamente la planeaci\u00f3n y dise\u00f1o curricular.<\/li>\n<\/ul>\n<\/div><\/div><div class=\"icon_list_connector\"  style=\"border-right-width: 1px;border-right-style: dashed;border-color: #ffb536;\"><\/div><\/li><li class=\"icon_list_item\" style=\" font-size:60px;\"><div class=\"icon_list_icon\" data-animation=\"\" data-animation-delay=\"03\" style=\"font-size:20px;background:#ffb536;color:#ffffff;border-color:#ffb536;\"><i class=\"fas fa-cogs\" ><\/i><\/div><div class=\"icon_description\" id=\"Info-list-wrap-6186\" style=\"font-size:20px;\"><h3 class=\"ult-responsive info-list-heading\"  data-ultimate-target='#Info-list-wrap-6186 h3'  data-responsive-json-new='{\"font-size\":\"desktop:16px;\",\"line-height\":\"desktop:22px;\"}'  style=\"font-family:&#039;Open Sans Condensed&#039;;font-weight:700;\">2. Contar\u00e1 con habilidades para:<\/h3><div class=\"icon_description_text ult-responsive\"  data-ultimate-target='#Info-list-wrap-6186 .icon_description_text'  data-responsive-json-new='{\"font-size\":\"desktop:12px;\",\"line-height\":\"desktop:20px;\"}'  style=\"\"><ul>\n<li>\n<p class=\"p1\">Integrarse al campo de la investigaci\u00f3n cient\u00edfica y participar en investigaciones del \u00e1rea educativa.<\/p>\n<\/li>\n<li>\n<p class=\"p1\">Participar en la planeaci\u00f3n, programaci\u00f3n y control de actividades de formaci\u00f3n educativa.<\/p>\n<\/li>\n<li>\n<p class=\"p1\">Dise\u00f1ar y aplicar programas de orientaci\u00f3n a padres de familia.<\/p>\n<\/li>\n<li>\n<p class=\"p1\">Asesorar y\/o intervenir directamente en la elaboraci\u00f3n de materiales y recursos did\u00e1cticos.<\/p>\n<\/li>\n<li>\n<p class=\"p1\">Dise\u00f1ar y aplicar planes de capacitaci\u00f3n a personal directivo, administrativo, y de apoyo que labore en centros educativos en el sector p\u00fablico y privado.<\/p>\n<\/li>\n<li>\n<p class=\"p1\">Dise\u00f1ar y aplicar planes de capacitaci\u00f3n a docentes que laboren a nivel medio superior y superior.<\/p>\n<\/li>\n<li>\n<p class=\"p1\">Dise\u00f1ar y aplicar estrategias para la evaluaci\u00f3n de acciones programas educativos.<\/p>\n<\/li>\n<li>\n<p class=\"p1\">Participar en equipos interdisciplinarios en el dise\u00f1o de actividades de desarrollo educativo en la comunidad.<\/p>\n<\/li>\n<li>\n<p class=\"p1\">Implementar programas que estimulen el crecimiento y desarrollo del educando, dentro del \u00e1mbito educacional, asistencial, social y especial.<\/p>\n<\/li>\n<\/ul>\n<\/div><\/div><div class=\"icon_list_connector\"  style=\"border-right-width: 1px;border-right-style: dashed;border-color: #ffb536;\"><\/div><\/li><\/ul><\/div>[vc_empty_space]<div id=\"ultimate-heading-802369f0cb64a3a84\" class=\"uvc-heading ult-adjust-bottom-margin ultimate-heading-802369f0cb64a3a84 uvc-4118 \" data-hspacer=\"no_spacer\"  data-halign=\"left\" style=\"text-align:left\"><div class=\"uvc-heading-spacer no_spacer\" style=\"top\"><\/div><div class=\"uvc-main-heading ult-responsive\"  data-ultimate-target='.uvc-heading.ultimate-heading-802369f0cb64a3a84 h2'  data-responsive-json-new='{\"font-size\":\"desktop:26px;\",\"line-height\":\"desktop:32px;\"}' ><h2 style=\"font-weight:bold;margin-bottom:20px;\">CONOCE NUESTRO PLAN DE ESTUDIO<\/h2><\/div><\/div><div class=\"standard-number-list bullet-top\"><ul>\n<li><a href=\"https:\/\/tecdemexico.edu.mx\/wp-content\/uploads\/2022\/05\/PEDAGOGIA-SEP.pdf\" target=\"_blank\" rel=\"noopener\">Descarga formato PDF<\/a><\/li>\n<\/ul>\n<\/div>[\/vc_column][\/vc_row]<\/p>\n","protected":false},"excerpt":{"rendered":"<p>[vc_row type=\u00bbvc_default\u00bb][vc_column css=\u00bb.vc_custom_1498229431694{padding-bottom: 50px !important;}\u00bb][vc_column_text] A-RVOE-20080909 El colegio tecnol\u00f3gico de M\u00e9xico se ha propuesto la misi\u00f3n de formar profesionistas con conocimientos que le permitan abordar los procesos y fen\u00f3menos educativos para comprender la problem\u00e1tica educativa como una totalidad compleja, reconociendo la importancia de la individualidad de los acores que intervienen en los procesos educativos, de&hellip;<\/p>\n","protected":false},"author":1,"featured_media":0,"parent":0,"menu_order":100,"comment_status":"closed","ping_status":"closed","template":"","meta":{"om_disable_all_campaigns":false,"_monsterinsights_skip_tracking":false,"_monsterinsights_sitenote_active":false,"_monsterinsights_sitenote_note":"","_monsterinsights_sitenote_category":0,"footnotes":""},"class_list":["post-5372","page","type-page","status-publish","hentry","description-off"],"yoast_head":"<!-- This site is optimized with the Yoast SEO plugin v19.1 - https:\/\/yoast.com\/wordpress\/plugins\/seo\/ -->\n<title>PEDAGOG\u00cdA - Tec de Mexico<\/title>\n<meta name=\"robots\" content=\"index, follow, max-snippet:-1, max-image-preview:large, max-video-preview:-1\" \/>\n<link rel=\"canonical\" href=\"https:\/\/tecdemexico.edu.mx\/?page_id=5372\" \/>\n<meta property=\"og:locale\" content=\"es_ES\" \/>\n<meta property=\"og:type\" content=\"article\" \/>\n<meta property=\"og:title\" content=\"PEDAGOG\u00cdA - Tec de Mexico\" \/>\n<meta property=\"og:description\" content=\"[vc_row type=\u00bbvc_default\u00bb][vc_column css=\u00bb.vc_custom_1498229431694{padding-bottom: 50px !important;}\u00bb][vc_column_text] A-RVOE-20080909 El colegio tecnol\u00f3gico de M\u00e9xico se ha propuesto la misi\u00f3n de formar profesionistas con conocimientos que le permitan abordar los procesos y fen\u00f3menos educativos para comprender la problem\u00e1tica educativa como una totalidad compleja, reconociendo la importancia de la individualidad de los acores que intervienen en los procesos educativos, de&hellip;\" \/>\n<meta property=\"og:url\" content=\"https:\/\/tecdemexico.edu.mx\/?page_id=5372\" \/>\n<meta property=\"og:site_name\" content=\"Tec de Mexico\" \/>\n<meta property=\"article:modified_time\" content=\"2022-07-02T02:07:52+00:00\" \/>\n<meta name=\"twitter:card\" content=\"summary_large_image\" \/>\n<meta name=\"twitter:label1\" content=\"Tiempo de lectura\" \/>\n\t<meta name=\"twitter:data1\" content=\"3 minutos\" \/>\n<script type=\"application\/ld+json\" class=\"yoast-schema-graph\">{\"@context\":\"https:\/\/schema.org\",\"@graph\":[{\"@type\":\"WebSite\",\"@id\":\"https:\/\/tecdemexico.edu.mx\/#website\",\"url\":\"https:\/\/tecdemexico.edu.mx\/\",\"name\":\"Tec de Mexico\",\"description\":\"Colegio Tecnol\u00f3gico de M\u00e9xico\",\"potentialAction\":[{\"@type\":\"SearchAction\",\"target\":{\"@type\":\"EntryPoint\",\"urlTemplate\":\"https:\/\/tecdemexico.edu.mx\/?s={search_term_string}\"},\"query-input\":\"required name=search_term_string\"}],\"inLanguage\":\"es\"},{\"@type\":\"WebPage\",\"@id\":\"https:\/\/tecdemexico.edu.mx\/?page_id=5372#webpage\",\"url\":\"https:\/\/tecdemexico.edu.mx\/?page_id=5372\",\"name\":\"PEDAGOG\u00cdA - Tec de Mexico\",\"isPartOf\":{\"@id\":\"https:\/\/tecdemexico.edu.mx\/#website\"},\"datePublished\":\"2022-05-30T06:27:42+00:00\",\"dateModified\":\"2022-07-02T02:07:52+00:00\",\"breadcrumb\":{\"@id\":\"https:\/\/tecdemexico.edu.mx\/?page_id=5372#breadcrumb\"},\"inLanguage\":\"es\",\"potentialAction\":[{\"@type\":\"ReadAction\",\"target\":[\"https:\/\/tecdemexico.edu.mx\/?page_id=5372\"]}]},{\"@type\":\"BreadcrumbList\",\"@id\":\"https:\/\/tecdemexico.edu.mx\/?page_id=5372#breadcrumb\",\"itemListElement\":[{\"@type\":\"ListItem\",\"position\":1,\"name\":\"Portada\",\"item\":\"https:\/\/tecdemexico.edu.mx\/\"},{\"@type\":\"ListItem\",\"position\":2,\"name\":\"PEDAGOG\u00cdA\"}]}]}<\/script>\n<!-- \/ Yoast SEO plugin. -->","yoast_head_json":{"title":"PEDAGOG\u00cdA - Tec de Mexico","robots":{"index":"index","follow":"follow","max-snippet":"max-snippet:-1","max-image-preview":"max-image-preview:large","max-video-preview":"max-video-preview:-1"},"canonical":"https:\/\/tecdemexico.edu.mx\/?page_id=5372","og_locale":"es_ES","og_type":"article","og_title":"PEDAGOG\u00cdA - Tec de Mexico","og_description":"[vc_row type=\u00bbvc_default\u00bb][vc_column css=\u00bb.vc_custom_1498229431694{padding-bottom: 50px !important;}\u00bb][vc_column_text] A-RVOE-20080909 El colegio tecnol\u00f3gico de M\u00e9xico se ha propuesto la misi\u00f3n de formar profesionistas con conocimientos que le permitan abordar los procesos y fen\u00f3menos educativos para comprender la problem\u00e1tica educativa como una totalidad compleja, reconociendo la importancia de la individualidad de los acores que intervienen en los procesos educativos, de&hellip;","og_url":"https:\/\/tecdemexico.edu.mx\/?page_id=5372","og_site_name":"Tec de Mexico","article_modified_time":"2022-07-02T02:07:52+00:00","twitter_card":"summary_large_image","twitter_misc":{"Tiempo de lectura":"3 minutos"},"schema":{"@context":"https:\/\/schema.org","@graph":[{"@type":"WebSite","@id":"https:\/\/tecdemexico.edu.mx\/#website","url":"https:\/\/tecdemexico.edu.mx\/","name":"Tec de Mexico","description":"Colegio Tecnol\u00f3gico de M\u00e9xico","potentialAction":[{"@type":"SearchAction","target":{"@type":"EntryPoint","urlTemplate":"https:\/\/tecdemexico.edu.mx\/?s={search_term_string}"},"query-input":"required name=search_term_string"}],"inLanguage":"es"},{"@type":"WebPage","@id":"https:\/\/tecdemexico.edu.mx\/?page_id=5372#webpage","url":"https:\/\/tecdemexico.edu.mx\/?page_id=5372","name":"PEDAGOG\u00cdA - Tec de Mexico","isPartOf":{"@id":"https:\/\/tecdemexico.edu.mx\/#website"},"datePublished":"2022-05-30T06:27:42+00:00","dateModified":"2022-07-02T02:07:52+00:00","breadcrumb":{"@id":"https:\/\/tecdemexico.edu.mx\/?page_id=5372#breadcrumb"},"inLanguage":"es","potentialAction":[{"@type":"ReadAction","target":["https:\/\/tecdemexico.edu.mx\/?page_id=5372"]}]},{"@type":"BreadcrumbList","@id":"https:\/\/tecdemexico.edu.mx\/?page_id=5372#breadcrumb","itemListElement":[{"@type":"ListItem","position":1,"name":"Portada","item":"https:\/\/tecdemexico.edu.mx\/"},{"@type":"ListItem","position":2,"name":"PEDAGOG\u00cdA"}]}]}},"_links":{"self":[{"href":"https:\/\/tecdemexico.edu.mx\/index.php?rest_route=\/wp\/v2\/pages\/5372","targetHints":{"allow":["GET"]}}],"collection":[{"href":"https:\/\/tecdemexico.edu.mx\/index.php?rest_route=\/wp\/v2\/pages"}],"about":[{"href":"https:\/\/tecdemexico.edu.mx\/index.php?rest_route=\/wp\/v2\/types\/page"}],"author":[{"embeddable":true,"href":"https:\/\/tecdemexico.edu.mx\/index.php?rest_route=\/wp\/v2\/users\/1"}],"replies":[{"embeddable":true,"href":"https:\/\/tecdemexico.edu.mx\/index.php?rest_route=%2Fwp%2Fv2%2Fcomments&post=5372"}],"version-history":[{"count":21,"href":"https:\/\/tecdemexico.edu.mx\/index.php?rest_route=\/wp\/v2\/pages\/5372\/revisions"}],"predecessor-version":[{"id":6144,"href":"https:\/\/tecdemexico.edu.mx\/index.php?rest_route=\/wp\/v2\/pages\/5372\/revisions\/6144"}],"wp:attachment":[{"href":"https:\/\/tecdemexico.edu.mx\/index.php?rest_route=%2Fwp%2Fv2%2Fmedia&parent=5372"}],"curies":[{"name":"wp","href":"https:\/\/api.w.org\/{rel}","templated":true}]}}