{"id":5892,"date":"2022-06-06T17:25:13","date_gmt":"2022-06-06T23:25:13","guid":{"rendered":"https:\/\/dev.tecdemexico.edu.mx\/?page_id=5892"},"modified":"2022-07-01T20:07:04","modified_gmt":"2022-07-02T02:07:04","slug":"derecho-2","status":"publish","type":"page","link":"https:\/\/tecdemexico.edu.mx\/?page_id=5892","title":{"rendered":"DERECHO"},"content":{"rendered":"<p>[vc_row type=\u00bbvc_default\u00bb][vc_column css=\u00bb.vc_custom_1498229431694{padding-bottom: 50px !important;}\u00bb]<div id=\"ultimate-heading-559169f1af3ad80e1\" class=\"uvc-heading ult-adjust-bottom-margin ultimate-heading-559169f1af3ad80e1 uvc-4458 \" data-hspacer=\"no_spacer\"  data-halign=\"left\" style=\"text-align:left\"><div class=\"uvc-heading-spacer no_spacer\" style=\"top\"><\/div><div class=\"uvc-main-heading ult-responsive\"  data-ultimate-target='.uvc-heading.ultimate-heading-559169f1af3ad80e1 h2'  data-responsive-json-new='{\"font-size\":\"desktop:26px;\",\"line-height\":\"desktop:32px;\"}' ><h2 style=\"font-weight:bold;margin-bottom:20px;\">BENEFICIOS DE LA LICENCIATURA EN DERECHO<\/h2><\/div><\/div>[vc_column_text]<\/p>\n<h2 class=\"p1\"><span style=\"color: #ffb536;\"><strong>A-RVOE-20080910<\/strong><\/span><\/h2>\n<p>El colegio tecnol\u00f3gico de M\u00e9xico tiene por objetivo general en la licenciatura en derecho formar profesionistas altamente capacitados en las diversas ramas del derecho, que sean capaces de planear, prevenir negociar y solucionar todo tipo de situaciones en el campo jur\u00eddico, representando con calidad, \u00e9tica y eficiencia a las personas f\u00edsicas y morales ante las diferentes instancias, todo ello en el contexto de las nuevas tendencias, retos y oportunidades que entra\u00f1a el mundo globalizado.[\/vc_column_text]<div id=\"ultimate-heading-367369f1af3ad8155\" class=\"uvc-heading ult-adjust-bottom-margin ultimate-heading-367369f1af3ad8155 uvc-5844 \" data-hspacer=\"no_spacer\"  data-halign=\"left\" style=\"text-align:left\"><div class=\"uvc-heading-spacer no_spacer\" style=\"top\"><\/div><div class=\"uvc-main-heading ult-responsive\"  data-ultimate-target='.uvc-heading.ultimate-heading-367369f1af3ad8155 h2'  data-responsive-json-new='{\"font-size\":\"desktop:26px;\",\"line-height\":\"desktop:32px;\"}' ><h2 style=\"font-weight:bold;margin-bottom:20px;\">NUESTRA OFERTA<\/h2><\/div><\/div><div class=\"smile_icon_list_wrap ult_info_list_container ult-adjust-bottom-margin   vc_custom_1498230419199\"><ul class=\"smile_icon_list left hexagon\"><li class=\"icon_list_item\" style=\" font-size:60px;\"><div class=\"icon_list_icon\" data-animation=\"\" data-animation-delay=\"03\" style=\"font-size:20px;background:#ffb536;color:#ffffff;border-color:#ffb536;\"><i class=\"fas fa-book-reader\" ><\/i><\/div><div class=\"icon_description\" id=\"Info-list-wrap-5690\" style=\"font-size:20px;\"><h3 class=\"ult-responsive info-list-heading\"  data-ultimate-target='#Info-list-wrap-5690 h3'  data-responsive-json-new='{\"font-size\":\"desktop:16px;\",\"line-height\":\"desktop:22px;\"}'  style=\"font-family:&#039;Open Sans Condensed&#039;;font-weight:700;\">1. Aprender\u00e1s:<\/h3><div class=\"icon_description_text ult-responsive\"  data-ultimate-target='#Info-list-wrap-5690 .icon_description_text'  data-responsive-json-new='{\"font-size\":\"desktop:12px;\",\"line-height\":\"desktop:20px;\"}'  style=\"\"><p class=\"p1\">Identificar la problem\u00e1tica del \u00e1mbito legal en sus diversos campos de aplicaci\u00f3n y la soluci\u00f3n de estos problemas, mediante el uso del criterio y las t\u00e9cnicas jur\u00eddicas; Ubicar al Derecho como un conjunto de ordenamientos que surgen en el propio desarrollo de la sociedad y como respuesta a diversos problemas inherentes a su naturaleza; Comprender el sentido democr\u00e1tico y nacional de los preceptos legales vigentes, buscando el bienestar de la sociedad; Incrementar su cultura human\u00edstica, social y de conocimiento t\u00e9cnico referente tanto a los aspectos legales como pr\u00e1cticos del quehacer profesional; Dominar, de manera s\u00f3lida y consistente, la epistemolog\u00eda jur\u00eddica, la sistem\u00e1tica y las t\u00e9cnicas jur\u00eddicas; Comprender el entorno econ\u00f3mico, pol\u00edtico y social en que act\u00faa el Derecho; Comunicar con un adecuado manejo del lenguaje y redacci\u00f3n, tanto para emitir como para interpretar mensajes orales y escritos.<\/p>\n<\/div><\/div><div class=\"icon_list_connector\"  style=\"border-right-width: 1px;border-right-style: dashed;border-color: #ffb536;\"><\/div><\/li><li class=\"icon_list_item\" style=\" font-size:60px;\"><div class=\"icon_list_icon\" data-animation=\"\" data-animation-delay=\"03\" style=\"font-size:20px;background:#ffb536;color:#ffffff;border-color:#ffb536;\"><i class=\"fas fa-user-check\" ><\/i><\/div><div class=\"icon_description\" id=\"Info-list-wrap-8327\" style=\"font-size:20px;\"><h3 class=\"ult-responsive info-list-heading\"  data-ultimate-target='#Info-list-wrap-8327 h3'  data-responsive-json-new='{\"font-size\":\"desktop:16px;\",\"line-height\":\"desktop:22px;\"}'  style=\"font-family:&#039;Open Sans Condensed&#039;;font-weight:700;\">2. Actitudes:<\/h3><div class=\"icon_description_text ult-responsive\"  data-ultimate-target='#Info-list-wrap-8327 .icon_description_text'  data-responsive-json-new='{\"font-size\":\"desktop:12px;\",\"line-height\":\"desktop:20px;\"}'  style=\"\"><p class=\"p1\">Las actitudes se manifiestan en acciones concretas del comportamiento de los sujetos, a partir de aprendizajes formativos que comprende procesos psicol\u00f3gicos, cognoscitivos, afectivos, culturales y en general provenientes de una experiencia particular, que induce a los sujetos para actuar de manera determinada en circunstancias diversas.<\/p>\n<p>Las actitudes que deber\u00e1 tener el egresado de esta licenciatura ser\u00e1n:<\/p>\n<ul>\n<li>S\u00f3lida vocaci\u00f3n de servicio a la sociedad y al ser humano en particular.<\/li>\n<li>Vinculaci\u00f3n al sentido \u00e9tico del derecho con las actividades espec\u00edficas de la profesi\u00f3n.<\/li>\n<li>Asumir el sentido de la solidaridad y de probidad como principios rectores de su desempe\u00f1o profesional.<\/li>\n<li>Impulsar los ideales de dignidad, libertad, justicia, equidad, democracia, servicio y solidaridad social, impulsar la autodeterminaci\u00f3n, la soberan\u00eda y la identidad nacionales.<\/li>\n<li>Promover ante la sociedad la correcta interpretaci\u00f3n de las leyes que regula al estado mexicano y su fin \u00faltimo, es decir, la convivencia arm\u00f3nica y pac\u00edfica en un estado de derecho.<\/li>\n<li>Comprometerse con el desarrollo econ\u00f3mico del pa\u00eds.<\/li>\n<li>Participar en el desarrollo te\u00f3rico y t\u00e9cnico de la doctrina jur\u00eddica.<\/li>\n<li>Dominar los textos jur\u00eddicos fundamentales, en su forma y fondo.<\/li>\n<\/ul>\n<\/div><\/div><div class=\"icon_list_connector\"  style=\"border-right-width: 1px;border-right-style: dashed;border-color: #ffb536;\"><\/div><\/li><\/ul><\/div>[vc_empty_space]<div id=\"ultimate-heading-996169f1af3ad84af\" class=\"uvc-heading ult-adjust-bottom-margin ultimate-heading-996169f1af3ad84af uvc-7983 \" data-hspacer=\"no_spacer\"  data-halign=\"left\" style=\"text-align:left\"><div class=\"uvc-heading-spacer no_spacer\" style=\"top\"><\/div><div class=\"uvc-main-heading ult-responsive\"  data-ultimate-target='.uvc-heading.ultimate-heading-996169f1af3ad84af h2'  data-responsive-json-new='{\"font-size\":\"desktop:26px;\",\"line-height\":\"desktop:32px;\"}' ><h2 style=\"font-weight:bold;margin-bottom:20px;\">PERFIL DE EGRESADO<\/h2><\/div><\/div><div class=\"smile_icon_list_wrap ult_info_list_container ult-adjust-bottom-margin   vc_custom_1498230419199\"><ul class=\"smile_icon_list left hexagon\"><li class=\"icon_list_item\" style=\" font-size:60px;\"><div class=\"icon_list_icon\" data-animation=\"\" data-animation-delay=\"03\" style=\"font-size:20px;background:#ffb536;color:#ffffff;border-color:#ffb536;\"><i class=\"fas fa-lightbulb\" ><\/i><\/div><div class=\"icon_description\" id=\"Info-list-wrap-1001\" style=\"font-size:20px;\"><h3 class=\"ult-responsive info-list-heading\"  data-ultimate-target='#Info-list-wrap-1001 h3'  data-responsive-json-new='{\"font-size\":\"desktop:16px;\",\"line-height\":\"desktop:22px;\"}'  style=\"font-family:&#039;Open Sans Condensed&#039;;font-weight:700;\">1. Contar\u00e1 con conocimientos que le permitan:<\/h3><div class=\"icon_description_text ult-responsive\"  data-ultimate-target='#Info-list-wrap-1001 .icon_description_text'  data-responsive-json-new='{\"font-size\":\"desktop:12px;\",\"line-height\":\"desktop:20px;\"}'  style=\"\"><p>Por medio del plan de estudios que adquieren los conocimientos t\u00e9cnicos que corresponden a los campos espec\u00edfico de la licenciatura en derecho, as\u00ed como aquellos principios del \u00e1rea de investigaci\u00f3n que tienen como objetivo fundamental promover un proceso de reflexi\u00f3n, an\u00e1lisis e inferencia.<\/p>\n<p>Los egresados de la licenciatura deben tener conocimientos que les permitan:<\/p>\n<ul>\n<li>Identificar la problem\u00e1tica del \u00e1mbito legal en sus diversos campos de aplicaci\u00f3n y la soluci\u00f3n de estos problemas, mediante el uso del criterio y las t\u00e9cnicas jur\u00eddicas.<\/li>\n<li>Ubicar al derecho c\u00f3mo un conjunto de ordenamientos que surgen en el propio desarrollo de la sociedad, como una respuesta a los diversos problemas inherentes a su naturaleza.<\/li>\n<li>Comprender el sentido democr\u00e1tico y nacional de los preceptos legales vigentes, buscando el bienestar de la sociedad. Incrementar\u00e1 su cultura human\u00edstica, social y de conocimiento t\u00e9cnico referente tanto a los aspectos legales como pr\u00e1cticos del quehacer profesional.<\/li>\n<li>Dominar de manera s\u00f3lida y consistente la epistemolog\u00eda jur\u00eddica, as\u00ed como la sistem\u00e1tica y t\u00e9cnicas jur\u00eddicas. Comprender\u00e1 el entorno econ\u00f3mico, pol\u00edtico y social en que act\u00faa el derecho Se comunicar\u00e1 con un adecuado manejo del lenguaje y la redacci\u00f3n tanto para emitir como para interpretar mensajes orales y escritos.<\/li>\n<\/ul>\n<\/div><\/div><div class=\"icon_list_connector\"  style=\"border-right-width: 1px;border-right-style: dashed;border-color: #ffb536;\"><\/div><\/li><li class=\"icon_list_item\" style=\" font-size:60px;\"><div class=\"icon_list_icon\" data-animation=\"\" data-animation-delay=\"03\" style=\"font-size:20px;background:#ffb536;color:#ffffff;border-color:#ffb536;\"><i class=\"fas fa-cogs\" ><\/i><\/div><div class=\"icon_description\" id=\"Info-list-wrap-3568\" style=\"font-size:20px;\"><h3 class=\"ult-responsive info-list-heading\"  data-ultimate-target='#Info-list-wrap-3568 h3'  data-responsive-json-new='{\"font-size\":\"desktop:16px;\",\"line-height\":\"desktop:22px;\"}'  style=\"font-family:&#039;Open Sans Condensed&#039;;font-weight:700;\">2. Contar\u00e1 con habilidades para:<\/h3><div class=\"icon_description_text ult-responsive\"  data-ultimate-target='#Info-list-wrap-3568 .icon_description_text'  data-responsive-json-new='{\"font-size\":\"desktop:12px;\",\"line-height\":\"desktop:20px;\"}'  style=\"\"><p class=\"p1\">Las habilidades son las posibilidades intelectuales y manuales que se expresan en conocimientos, destrezas y actitudes que se adquieren en el proceso educativo.<\/p>\n<p>Los egresados de esta licenciatura deben tener habilidades para:<\/p>\n<ul>\n<li>Facilidad de trato social y trabajo en equipo.<\/li>\n<li>Aplicar el criterio y la t\u00e9cnica jur\u00eddica con un sentido humanista y social.<\/li>\n<li>Capacidad de an\u00e1lisis y s\u00edntesis.<\/li>\n<li>Habilidad para realizar abstracciones e inferencias l\u00f3gicas v\u00e1lidas, analog\u00edas, deducciones e inducciones; as\u00ed como para argumentar sus puntas de vista e identificar errores en la argumentaci\u00f3n y refutaci\u00f3n de argumentaciones.<\/li>\n<li>Habilidad para enfrentar situaciones conflictivas. Capacidad para tomar decisiones prudentemente.<\/li>\n<\/ul>\n<\/div><\/div><div class=\"icon_list_connector\"  style=\"border-right-width: 1px;border-right-style: dashed;border-color: #ffb536;\"><\/div><\/li><\/ul><\/div>[vc_empty_space]<div id=\"ultimate-heading-570269f1af3ad873e\" class=\"uvc-heading ult-adjust-bottom-margin ultimate-heading-570269f1af3ad873e uvc-2034 \" data-hspacer=\"no_spacer\"  data-halign=\"left\" style=\"text-align:left\"><div class=\"uvc-heading-spacer no_spacer\" style=\"top\"><\/div><div class=\"uvc-main-heading ult-responsive\"  data-ultimate-target='.uvc-heading.ultimate-heading-570269f1af3ad873e h2'  data-responsive-json-new='{\"font-size\":\"desktop:26px;\",\"line-height\":\"desktop:32px;\"}' ><h2 style=\"font-weight:bold;margin-bottom:20px;\">CONOCE NUESTRO PLAN DE ESTUDIO<\/h2><\/div><\/div><div class=\"standard-number-list bullet-top\"><ul>\n<li><a href=\"https:\/\/tecdemexico.edu.mx\/wp-content\/uploads\/2022\/05\/DERECHO-SEP.pdf\" target=\"_blank\" rel=\"noopener\">Descarga formato PDF<\/a><\/li>\n<\/ul>\n<\/div>[\/vc_column][\/vc_row]<\/p>\n","protected":false},"excerpt":{"rendered":"<p>[vc_row type=\u00bbvc_default\u00bb][vc_column css=\u00bb.vc_custom_1498229431694{padding-bottom: 50px !important;}\u00bb][vc_column_text] A-RVOE-20080910 El colegio tecnol\u00f3gico de M\u00e9xico tiene por objetivo general en la licenciatura en derecho formar profesionistas altamente capacitados en las diversas ramas del derecho, que sean capaces de planear, prevenir negociar y solucionar todo tipo de situaciones en el campo jur\u00eddico, representando con calidad, \u00e9tica y eficiencia a las&hellip;<\/p>\n","protected":false},"author":1,"featured_media":0,"parent":0,"menu_order":100,"comment_status":"closed","ping_status":"closed","template":"","meta":{"om_disable_all_campaigns":false,"_monsterinsights_skip_tracking":false,"_monsterinsights_sitenote_active":false,"_monsterinsights_sitenote_note":"","_monsterinsights_sitenote_category":0,"footnotes":""},"class_list":["post-5892","page","type-page","status-publish","hentry","description-off"],"yoast_head":"<!-- This site is optimized with the Yoast SEO plugin v19.1 - https:\/\/yoast.com\/wordpress\/plugins\/seo\/ -->\n<title>DERECHO - Tec de Mexico<\/title>\n<meta name=\"robots\" content=\"index, follow, max-snippet:-1, max-image-preview:large, max-video-preview:-1\" \/>\n<link rel=\"canonical\" href=\"https:\/\/tecdemexico.edu.mx\/?page_id=5892\" \/>\n<meta property=\"og:locale\" content=\"es_ES\" \/>\n<meta property=\"og:type\" content=\"article\" \/>\n<meta property=\"og:title\" content=\"DERECHO - Tec de Mexico\" \/>\n<meta property=\"og:description\" content=\"[vc_row type=\u00bbvc_default\u00bb][vc_column css=\u00bb.vc_custom_1498229431694{padding-bottom: 50px !important;}\u00bb][vc_column_text] A-RVOE-20080910 El colegio tecnol\u00f3gico de M\u00e9xico tiene por objetivo general en la licenciatura en derecho formar profesionistas altamente capacitados en las diversas ramas del derecho, que sean capaces de planear, prevenir negociar y solucionar todo tipo de situaciones en el campo jur\u00eddico, representando con calidad, \u00e9tica y eficiencia a las&hellip;\" \/>\n<meta property=\"og:url\" content=\"https:\/\/tecdemexico.edu.mx\/?page_id=5892\" \/>\n<meta property=\"og:site_name\" content=\"Tec de Mexico\" \/>\n<meta property=\"article:modified_time\" content=\"2022-07-02T02:07:04+00:00\" \/>\n<meta name=\"twitter:card\" content=\"summary_large_image\" \/>\n<meta name=\"twitter:label1\" content=\"Tiempo de lectura\" \/>\n\t<meta name=\"twitter:data1\" content=\"4 minutos\" \/>\n<script type=\"application\/ld+json\" class=\"yoast-schema-graph\">{\"@context\":\"https:\/\/schema.org\",\"@graph\":[{\"@type\":\"WebSite\",\"@id\":\"https:\/\/tecdemexico.edu.mx\/#website\",\"url\":\"https:\/\/tecdemexico.edu.mx\/\",\"name\":\"Tec de Mexico\",\"description\":\"Colegio Tecnol\u00f3gico de M\u00e9xico\",\"potentialAction\":[{\"@type\":\"SearchAction\",\"target\":{\"@type\":\"EntryPoint\",\"urlTemplate\":\"https:\/\/tecdemexico.edu.mx\/?s={search_term_string}\"},\"query-input\":\"required name=search_term_string\"}],\"inLanguage\":\"es\"},{\"@type\":\"WebPage\",\"@id\":\"https:\/\/tecdemexico.edu.mx\/?page_id=5892#webpage\",\"url\":\"https:\/\/tecdemexico.edu.mx\/?page_id=5892\",\"name\":\"DERECHO - Tec de Mexico\",\"isPartOf\":{\"@id\":\"https:\/\/tecdemexico.edu.mx\/#website\"},\"datePublished\":\"2022-06-06T23:25:13+00:00\",\"dateModified\":\"2022-07-02T02:07:04+00:00\",\"breadcrumb\":{\"@id\":\"https:\/\/tecdemexico.edu.mx\/?page_id=5892#breadcrumb\"},\"inLanguage\":\"es\",\"potentialAction\":[{\"@type\":\"ReadAction\",\"target\":[\"https:\/\/tecdemexico.edu.mx\/?page_id=5892\"]}]},{\"@type\":\"BreadcrumbList\",\"@id\":\"https:\/\/tecdemexico.edu.mx\/?page_id=5892#breadcrumb\",\"itemListElement\":[{\"@type\":\"ListItem\",\"position\":1,\"name\":\"Portada\",\"item\":\"https:\/\/tecdemexico.edu.mx\/\"},{\"@type\":\"ListItem\",\"position\":2,\"name\":\"DERECHO\"}]}]}<\/script>\n<!-- \/ Yoast SEO plugin. -->","yoast_head_json":{"title":"DERECHO - Tec de Mexico","robots":{"index":"index","follow":"follow","max-snippet":"max-snippet:-1","max-image-preview":"max-image-preview:large","max-video-preview":"max-video-preview:-1"},"canonical":"https:\/\/tecdemexico.edu.mx\/?page_id=5892","og_locale":"es_ES","og_type":"article","og_title":"DERECHO - Tec de Mexico","og_description":"[vc_row type=\u00bbvc_default\u00bb][vc_column css=\u00bb.vc_custom_1498229431694{padding-bottom: 50px !important;}\u00bb][vc_column_text] A-RVOE-20080910 El colegio tecnol\u00f3gico de M\u00e9xico tiene por objetivo general en la licenciatura en derecho formar profesionistas altamente capacitados en las diversas ramas del derecho, que sean capaces de planear, prevenir negociar y solucionar todo tipo de situaciones en el campo jur\u00eddico, representando con calidad, \u00e9tica y eficiencia a las&hellip;","og_url":"https:\/\/tecdemexico.edu.mx\/?page_id=5892","og_site_name":"Tec de Mexico","article_modified_time":"2022-07-02T02:07:04+00:00","twitter_card":"summary_large_image","twitter_misc":{"Tiempo de lectura":"4 minutos"},"schema":{"@context":"https:\/\/schema.org","@graph":[{"@type":"WebSite","@id":"https:\/\/tecdemexico.edu.mx\/#website","url":"https:\/\/tecdemexico.edu.mx\/","name":"Tec de Mexico","description":"Colegio Tecnol\u00f3gico de M\u00e9xico","potentialAction":[{"@type":"SearchAction","target":{"@type":"EntryPoint","urlTemplate":"https:\/\/tecdemexico.edu.mx\/?s={search_term_string}"},"query-input":"required name=search_term_string"}],"inLanguage":"es"},{"@type":"WebPage","@id":"https:\/\/tecdemexico.edu.mx\/?page_id=5892#webpage","url":"https:\/\/tecdemexico.edu.mx\/?page_id=5892","name":"DERECHO - Tec de Mexico","isPartOf":{"@id":"https:\/\/tecdemexico.edu.mx\/#website"},"datePublished":"2022-06-06T23:25:13+00:00","dateModified":"2022-07-02T02:07:04+00:00","breadcrumb":{"@id":"https:\/\/tecdemexico.edu.mx\/?page_id=5892#breadcrumb"},"inLanguage":"es","potentialAction":[{"@type":"ReadAction","target":["https:\/\/tecdemexico.edu.mx\/?page_id=5892"]}]},{"@type":"BreadcrumbList","@id":"https:\/\/tecdemexico.edu.mx\/?page_id=5892#breadcrumb","itemListElement":[{"@type":"ListItem","position":1,"name":"Portada","item":"https:\/\/tecdemexico.edu.mx\/"},{"@type":"ListItem","position":2,"name":"DERECHO"}]}]}},"_links":{"self":[{"href":"https:\/\/tecdemexico.edu.mx\/index.php?rest_route=\/wp\/v2\/pages\/5892","targetHints":{"allow":["GET"]}}],"collection":[{"href":"https:\/\/tecdemexico.edu.mx\/index.php?rest_route=\/wp\/v2\/pages"}],"about":[{"href":"https:\/\/tecdemexico.edu.mx\/index.php?rest_route=\/wp\/v2\/types\/page"}],"author":[{"embeddable":true,"href":"https:\/\/tecdemexico.edu.mx\/index.php?rest_route=\/wp\/v2\/users\/1"}],"replies":[{"embeddable":true,"href":"https:\/\/tecdemexico.edu.mx\/index.php?rest_route=%2Fwp%2Fv2%2Fcomments&post=5892"}],"version-history":[{"count":18,"href":"https:\/\/tecdemexico.edu.mx\/index.php?rest_route=\/wp\/v2\/pages\/5892\/revisions"}],"predecessor-version":[{"id":6143,"href":"https:\/\/tecdemexico.edu.mx\/index.php?rest_route=\/wp\/v2\/pages\/5892\/revisions\/6143"}],"wp:attachment":[{"href":"https:\/\/tecdemexico.edu.mx\/index.php?rest_route=%2Fwp%2Fv2%2Fmedia&parent=5892"}],"curies":[{"name":"wp","href":"https:\/\/api.w.org\/{rel}","templated":true}]}}